{"id":997,"date":"2021-05-20T21:02:37","date_gmt":"2021-05-20T21:02:37","guid":{"rendered":"https:\/\/aemoita.pt\/aemoita\/?page_id=997"},"modified":"2025-04-29T16:59:41","modified_gmt":"2025-04-29T16:59:41","slug":"oferta-formativa","status":"publish","type":"page","link":"https:\/\/aemoita.pt\/aemoita\/oferta-formativa\/","title":{"rendered":"Oferta Formativa"},"content":{"rendered":"<p><span style=\"font-size: small;\">(Aguarda homologa\u00e7\u00e3o da DGEstE)<\/span><br \/>\n<strong>Cursos Profissionais:<\/strong><br \/>\n&#8211; <a href=\"https:\/\/aemoita.pt\/aemoita\/cursos-profissionais\/animador-a-sociocultural\/\">Animador Sociocultural<\/a><br \/>\n&#8211; <a href=\"https:\/\/aemoita.pt\/aemoita\/pagina-1\/oferta-formativa\/cursos-profissionais\/desporto\/\">Desporto<\/a><br \/>\n&#8211; <a href=\"https:\/\/aemoita.pt\/aemoita\/pagina-1\/oferta-formativa\/cursos-profissionais\/gpsi\/\">Gest. e Programa\u00e7\u00e3o de Sist. Inform\u00e1ticos<\/a><br \/>\n&#8211; <a href=\"https:\/\/aemoita.pt\/aemoita\/tecnico-de-gestao\/\">Gest\u00e3o<\/a><br \/>\n&#8211; <a href=\"https:\/\/aemoita.pt\/aemoita\/cursos-profissionais\/administrativo\/\">Inform\u00e1tica de Gest\u00e3o <span class=\"badge bg-warning text-dark\">Novo<\/span><\/a><br \/>\n&#8211; <a href=\"https:\/\/aemoita.pt\/aemoita\/cursos-profissionais\/turismo\/\">Turismo<\/a><\/p>\n<p><strong><em><span class=\"has-inline-color has-vivid-red-color\">Garanta o seu lugar no curso que definir\u00e1 o seu futuro!<\/span><\/em><\/strong><\/p>\n<p><a href=\"https:\/\/forms.gle\/eM97tHKWtL16Mq1GA\" target=\"_blank\" rel=\"noopener\"><span class=\"has-inline-color has-vivid-cyan-blue-color\"><strong>Pr\u00e9-inscri\u00e7\u00e3o dispon\u00edvel aqui<\/strong><\/span><\/a><\/p>\n<p><strong>Cursos Cient\u00edfico-Human\u00edsticos:<br \/>\n<\/strong>&#8211; <a href=\"https:\/\/aemoita.pt\/aemoita\/cursos-cientifico-humanisticos\/artes-visuais\/\">Artes Visuais<\/a><br \/>\n&#8211; <a href=\"https:\/\/aemoita.pt\/aemoita\/cursos-cientifico-humanisticos\/ciencias-economicas\/\">Ci\u00eancias Socioecon\u00f3micas<\/a><br \/>\n&#8211; <a href=\"https:\/\/aemoita.pt\/aemoita\/cursos-cientifico-humanisticos\/ciencias-e-tecnologias\/\">Ci\u00eancias e Tecnologias<\/a><br \/>\n&#8211; <a href=\"https:\/\/aemoita.pt\/aemoita\/cursos-cientifico-humanisticos\/linguas-e-humanidades\/\">L\u00ednguas e Humanidades<\/a><\/p>\n<p><strong><em><span class=\"has-inline-color has-vivid-red-color\">Uma op\u00e7\u00e3o com cabe\u00e7a e cora\u00e7\u00e3o!<\/span><\/em><\/strong><\/p>\n<p>Garanta o seu lugar!<br \/>\n<a href=\"https:\/\/docs.google.com\/forms\/d\/e\/1FAIpQLSeHJkKLL_R_mE5AhQ9j6wqpd8TtBypGkSFe0PYBRzCw9JBvPA\/viewform\" target=\"_blank\" rel=\"noopener\"><span class=\"has-inline-color has-vivid-cyan-blue-color\"><strong>Pr\u00e9-inscri\u00e7\u00e3o dispon\u00edvel aqui.<\/strong><\/span><\/a><\/p>\n<p>&#8212;&#8212;&#8212;&#8212;&#8212;&#8212;&#8212;&#8212;&#8212;&#8212;&#8212;&#8212;&#8212;&#8212;&#8212;&#8212;&#8212;&#8212;&#8212;&#8211;<\/p>\n<p><strong>Ensino Noturno \/ Centro Qualifica:<br \/>\n<\/strong>&#8211; <a href=\"https:\/\/centroqualificamoita.wixsite.com\/centroqualifica\" target=\"_blank\" rel=\"noopener\">Centro Qualifica &#8211; AEMoita<\/a><\/p>\n<p><strong>Cursos de Educa\u00e7\u00e3o e Forma\u00e7\u00e3o de Adultos:<\/strong><br \/>\n&#8211; <a href=\"https:\/\/centroqualificamoita.wixsite.com\/centroqualifica\/cursosefa\" target=\"_blank\" rel=\"noopener\">EFA N\u00edvel Secund\u00e1rio<\/a><br \/>\n&#8211; <a href=\"https:\/\/centroqualificamoita.wixsite.com\/centroqualifica\/cursosefa\" target=\"_blank\" rel=\"noopener\">EFA N\u00edvel B\u00e1sico<\/a><\/p>\n<p><strong>PLA &#8211; Portugu\u00eas L\u00edngua de Acolhimento<\/strong> &#8211; a iniciar em setembro, inscri\u00e7\u00f5es <a href=\"https:\/\/forms.office.com\/pages\/responsepage.aspx?id=AleCjqLaekW47BUbhtqCqaM3INzATC5FuLXrpm2KicpUQzk3OU5MNVNISTVNS0JYWkM5SVJOTEZOMi4u\"><strong>aqui<\/strong><\/a><\/p>\n<p><a href=\"https:\/\/centroqualificamoita.wixsite.com\/centroqualifica\/processorvcc\" target=\"_blank\" rel=\"noopener\"><strong>Processo RVCC<\/strong><\/a><\/p>\n<p><a href=\"https:\/\/centroqualificamoita.wixsite.com\/centroqualifica\/formacaomodular\" target=\"_blank\" rel=\"noopener\"><strong>Forma\u00e7\u00f5es Modulares<\/strong> <\/a><\/p>\n<p><a href=\"https:\/\/forms.office.com\/Pages\/ResponsePage.aspx?id=AleCjqLaekW47BUbhtqCqaM3INzATC5FuLXrpm2KicpUQ0kwUlIyR0tUSVVFMVdRNkgwOFRVMFg5TS4u\"><span class=\"has-inline-color has-vivid-cyan-blue-color\"><strong>Pr\u00e9-inscri\u00e7\u00e3o dispon\u00edvel aqui<\/strong><\/span><\/a><\/p>\n","protected":false},"excerpt":{"rendered":"<p>(Aguarda homologa\u00e7\u00e3o da DGEstE) Cursos Profissionais: &#8211; Animador Sociocultural &#8211; Desporto &#8211; Gest. e Programa\u00e7\u00e3o de Sist. Inform\u00e1ticos &#8211; Gest\u00e3o &#8211; Inform\u00e1tica de Gest\u00e3o Novo &#8211; Turismo Garanta o seu lugar no curso que definir\u00e1 o seu futuro! Pr\u00e9-inscri\u00e7\u00e3o dispon\u00edvel aqui Cursos Cient\u00edfico-Human\u00edsticos: &#8211; Artes Visuais &#8211; Ci\u00eancias Socioecon\u00f3micas &#8211; Ci\u00eancias e Tecnologias &#8211; L\u00ednguas [&hellip;]<\/p>\n","protected":false},"author":1,"featured_media":0,"parent":0,"menu_order":0,"comment_status":"closed","ping_status":"closed","template":"page-templates\/template-oferta-formativa.php","meta":{"footnotes":""},"class_list":["post-997","page","type-page","status-publish","hentry"],"_links":{"self":[{"href":"https:\/\/aemoita.pt\/aemoita\/wp-json\/wp\/v2\/pages\/997","targetHints":{"allow":["GET"]}}],"collection":[{"href":"https:\/\/aemoita.pt\/aemoita\/wp-json\/wp\/v2\/pages"}],"about":[{"href":"https:\/\/aemoita.pt\/aemoita\/wp-json\/wp\/v2\/types\/page"}],"author":[{"embeddable":true,"href":"https:\/\/aemoita.pt\/aemoita\/wp-json\/wp\/v2\/users\/1"}],"replies":[{"embeddable":true,"href":"https:\/\/aemoita.pt\/aemoita\/wp-json\/wp\/v2\/comments?post=997"}],"version-history":[{"count":13,"href":"https:\/\/aemoita.pt\/aemoita\/wp-json\/wp\/v2\/pages\/997\/revisions"}],"predecessor-version":[{"id":5064,"href":"https:\/\/aemoita.pt\/aemoita\/wp-json\/wp\/v2\/pages\/997\/revisions\/5064"}],"wp:attachment":[{"href":"https:\/\/aemoita.pt\/aemoita\/wp-json\/wp\/v2\/media?parent=997"}],"curies":[{"name":"wp","href":"https:\/\/api.w.org\/{rel}","templated":true}]}}